{"id":254,"date":"2012-05-03T12:28:02","date_gmt":"2012-05-03T12:28:02","guid":{"rendered":"http:\/\/www.studiogelb.de\/mm\/MMBlogg\/?page_id=254"},"modified":"2019-02-28T13:42:10","modified_gmt":"2019-02-28T13:42:10","slug":"impressum","status":"publish","type":"page","link":"http:\/\/www.studiogelb.de\/mm\/MMBlogg\/?page_id=254","title":{"rendered":"Impressum"},"content":{"rendered":"<p><span style=\"font-family: tahoma, arial, helvetica, sans-serif; font-size: 14px;\">Angaben gem\u00e4\u00df \u00a7 5 TMG:<\/span><\/p>\r\n<p><span style=\"font-family: tahoma, arial, helvetica, sans-serif; font-size: 14px;\"><!-- \/wp:post-content -->\r\n<!-- wp:paragraph --><\/span><\/p>\r\n<p><span style=\"font-family: tahoma, arial, helvetica, sans-serif; font-size: 14px;\">Marc Meusinger<\/span><br>\r\n<span style=\"font-family: tahoma, arial, helvetica, sans-serif; font-size: 14px;\">Filmtonmeister<\/span><br>\r\n<span style=\"font-family: tahoma, arial, helvetica, sans-serif; font-size: 14px;\">Z\u00f6llnerstr. 6<\/span><br>\r\n<span style=\"font-family: tahoma, arial, helvetica, sans-serif; font-size: 14px;\">99423 Weimar<\/span><br>\r\n<span style=\"font-family: tahoma, arial, helvetica, sans-serif; font-size: 14px;\">Germany<\/span><\/p>\r\n<p><span style=\"font-family: tahoma, arial, helvetica, sans-serif; font-size: 14px;\"><!-- \/wp:paragraph -->\r\n<!-- wp:paragraph --><\/span><\/p>\r\n<p><span style=\"font-family: tahoma, arial, helvetica, sans-serif; font-size: 14px;\"><strong>Kontakt:<\/strong><\/span><br>\r\n<span style=\"font-family: tahoma, arial, helvetica, sans-serif; font-size: 14px;\">Telefon: +49 3643 2120172<\/span><br>\r\n<span style=\"font-family: tahoma, arial, helvetica, sans-serif; font-size: 14px;\">e-mail:&nbsp; info(at)studiogelb.de<\/span><br>\r\n<span style=\"font-family: tahoma, arial, helvetica, sans-serif; font-size: 14px;\">url:&nbsp;&nbsp;&nbsp;&nbsp;&nbsp;&nbsp; www.studiogelb.de<\/span><\/p>\r\n<p><span style=\"font-family: tahoma, arial, helvetica, sans-serif; font-size: 14px;\"><!-- \/wp:paragraph -->\r\n<!-- wp:paragraph --><\/span><\/p>\r\n<p><span style=\"font-family: tahoma, arial, helvetica, sans-serif; font-size: 14px;\"><strong>Umsatzsteuer-ID:<\/strong><\/span><br>\r\n<span style=\"font-family: tahoma, arial, helvetica, sans-serif; font-size: 14px;\">Umsatzsteuer-Identifikationsnummer gem\u00e4\u00df \u00a727 a Umsatzsteuergesetz: DE199940441<\/span><\/p>\r\n<p>&nbsp;<\/p>\r\n<p><span style=\"font-family: tahoma, arial, helvetica, sans-serif; font-size: 14px;\"><!-- \/wp:paragraph -->\r\n<!-- wp:paragraph {\"align\":\"center\"} --><\/span><\/p>\r\n<p style=\"text-align: center;\"><span style=\"font-family: tahoma, arial, helvetica, sans-serif; font-size: 14px;\"><strong>Datenschutzerkl\u00e4rung<\/strong><\/span><\/p>\r\n<p><span style=\"font-family: tahoma, arial, helvetica, sans-serif; font-size: 14px;\"><!-- \/wp:paragraph -->\r\n<!-- wp:paragraph --><\/span><\/p>\r\n<p><span style=\"font-family: tahoma, arial, helvetica, sans-serif; font-size: 14px;\">Die Nutzung unserer Webseite ist in der Regel ohne Angabe personenbezogener Daten m\u00f6glich. Soweit auf unseren Seiten personenbezogene Daten (beispielsweise Name, Anschrift oder eMail-Adressen) erhoben werden, erfolgt dies, soweit m\u00f6glich, stets auf freiwilliger Basis. Diese Daten werden ohne Ihre ausdr\u00fcckliche Zustimmung nicht an Dritte weitergegeben.<\/span><\/p>\r\n<p><span style=\"font-family: tahoma, arial, helvetica, sans-serif; font-size: 14px;\"><!-- \/wp:paragraph -->\r\n<!-- wp:paragraph --><\/span><\/p>\r\n<p><span style=\"font-family: tahoma, arial, helvetica, sans-serif; font-size: 14px;\">Verantwortliche Stelle im Sinne der Datenschutzgesetze, insbesondere der EU-Datenschutzgrundverordnung (DSGVO), ist:<br>\r\n<\/span><br>\r\n<span style=\"font-family: tahoma, arial, helvetica, sans-serif; font-size: 14px;\">*siehe Impressum<\/span><\/p>\r\n<p><span style=\"font-family: tahoma, arial, helvetica, sans-serif; font-size: 14px;\"><!-- \/wp:paragraph -->\r\n<!-- wp:paragraph --><\/span><\/p>\r\n<p><br>\r\n<span style=\"font-family: tahoma, arial, helvetica, sans-serif; font-size: 14px;\"><strong>Ihre Betroffenenrechte:<\/strong><\/span><br>\r\n<span style=\"font-family: tahoma, arial, helvetica, sans-serif; font-size: 14px;\">\u2022 Auskunft \u00fcber Ihre bei uns gespeicherten Daten und deren Verarbeitung (Art. 15 DSGVO),<\/span><br>\r\n<span style=\"font-family: tahoma, arial, helvetica, sans-serif; font-size: 14px;\">\u2022 Berichtigung unrichtiger personenbezogener Daten (Art. 16 DSGVO),<\/span><br>\r\n<span style=\"font-family: tahoma, arial, helvetica, sans-serif; font-size: 14px;\">\u2022 L\u00f6schung Ihrer bei uns gespeicherten Daten (Art. 17 DSGVO),<\/span><br>\r\n<span style=\"font-family: tahoma, arial, helvetica, sans-serif; font-size: 14px;\">\u2022 Einschr\u00e4nkung der Datenverarbeitung, sofern wir Ihre Daten aufgrund gesetzlicher Pflichten noch nicht l\u00f6schen d\u00fcrfen (Art. 18 DSGVO),<\/span><br>\r\n<span style=\"font-family: tahoma, arial, helvetica, sans-serif; font-size: 14px;\">\u2022 Widerspruch gegen die Verarbeitung Ihrer Daten bei uns (Art. 21 DSGVO) und<\/span><br>\r\n<span style=\"font-family: tahoma, arial, helvetica, sans-serif; font-size: 14px;\">\u2022 Daten\u00fcbertragbarkeit, sofern Sie in die Datenverarbeitung eingewilligt haben oder einen Vertrag mit uns abgeschlossen haben (Art. 20 DSGVO).<\/span><\/p>\r\n<p><span style=\"font-family: tahoma, arial, helvetica, sans-serif; font-size: 14px;\"><!-- \/wp:paragraph -->\r\n<!-- wp:paragraph --><\/span><\/p>\r\n<p><span style=\"font-family: tahoma, arial, helvetica, sans-serif; font-size: 14px;\">Sofern Sie uns eine Einwilligung erteilt haben, k\u00f6nnen Sie diese jederzeit mit Wirkung f\u00fcr die Zukunft widerrufen.<\/span><\/p>\r\n<p><span style=\"font-family: tahoma, arial, helvetica, sans-serif; font-size: 14px;\"><!-- \/wp:paragraph -->\r\n<!-- wp:paragraph --><\/span><\/p>\r\n<p><span style=\"font-family: tahoma, arial, helvetica, sans-serif; font-size: 14px;\">Sie k\u00f6nnen sich jederzeit mit einer Beschwerde an eine Aufsichtsbeh\u00f6rde wenden, z. B. an die zust\u00e4ndige Aufsichtsbeh\u00f6rde des Bundeslands Ihres Wohnsitzes oder an die f\u00fcr uns als verantwortliche Stelle zust\u00e4ndige Beh\u00f6rde.<\/span><br>\r\n<span style=\"font-family: tahoma, arial, helvetica, sans-serif; font-size: 14px;\">Eine Liste der Aufsichtsbeh\u00f6rden (f\u00fcr den nicht\u00f6ffentlichen Bereich) mit Anschrift finden Sie unter: <a href=\"https:\/\/www.bfdi.bund.de\/DE\/Infothek\/Anschriften_Links\/anschriften_links-node.html\">https:\/\/www.bfdi.bund.de<\/a>.<br>\r\n<br>\r\n<\/span><\/p>\r\n<p><span style=\"font-family: tahoma, arial, helvetica, sans-serif; font-size: 14px;\"><!-- \/wp:paragraph -->\r\n<!-- wp:paragraph {\"align\":\"center\"} --><\/span><\/p>\r\n<p style=\"text-align: center;\"><span style=\"font-family: tahoma, arial, helvetica, sans-serif; font-size: 14px;\"><strong>Eingebettete YouTube-Videos<\/strong><\/span><\/p>\r\n<p><span style=\"font-family: tahoma, arial, helvetica, sans-serif; font-size: 14px;\"><!-- \/wp:paragraph -->\r\n<!-- wp:paragraph --><\/span><\/p>\r\n<p><span style=\"font-family: tahoma, arial, helvetica, sans-serif; font-size: 14px;\"><strong>Art und Zweck der Verarbeitung:<\/strong><\/span><br>\r\n<span style=\"font-family: tahoma, arial, helvetica, sans-serif; font-size: 14px;\">Auf einigen unserer Webseiten betten wir YouTube-Videos ein. Betreiber der entsprechenden Plugins ist die YouTube, LLC, 901 Cherry Ave., San Bruno, CA 94066, USA (nachfolgend \u201eYouTube\u201c). Wenn Sie eine Seite mit dem YouTube-Plugin besuchen, wird eine Verbindung zu Servern von YouTube hergestellt. Dabei wird YouTube mitgeteilt, welche Seiten Sie besuchen. Wenn Sie in Ihrem YouTube-Account eingeloggt sind, kann YouTube Ihr Surfverhalten Ihnen pers\u00f6nlich zuzuordnen. Dies verhindern Sie, indem Sie sich vorher aus Ihrem YouTube-Account ausloggen.<\/span><br>\r\n<span style=\"font-family: tahoma, arial, helvetica, sans-serif; font-size: 14px;\">Wird ein YouTube-Video gestartet, setzt der Anbieter Cookies ein, die Hinweise \u00fcber das Nutzerverhalten sammeln.<\/span><br>\r\n<span style=\"font-family: tahoma, arial, helvetica, sans-serif; font-size: 14px;\">Weitere Informationen zu Zweck und Umfang der Datenerhebung und ihrer Verarbeitung durch YouTube erhalten Sie in den Datenschutzerkl\u00e4rungen des Anbieters, Dort erhalten Sie auch weitere Informationen zu Ihren diesbez\u00fcglichen Rechten und Einstellungsm\u00f6glichkeiten zum Schutze Ihrer Privatsph\u00e4re (<a href=\"https:\/\/policies.google.com\/privacy\">https:\/\/policies.google.com\/privacy<\/a>). <\/span><br>\r\n<span style=\"font-family: tahoma, arial, helvetica, sans-serif; font-size: 14px;\">Google verarbeitet Ihre Daten in den USA und hat sich dem EU-US Privacy Shield unterworfen <a href=\"https:\/\/www.privacyshield.gov\/EU-US-Framework\">https:\/\/www.privacyshield.gov\/EU-US-Framework<\/a><\/span><\/p>\r\n<p><span style=\"font-family: tahoma, arial, helvetica, sans-serif; font-size: 14px;\"><!-- \/wp:paragraph -->\r\n<!-- wp:paragraph --><\/span><\/p>\r\n<p><span style=\"font-family: tahoma, arial, helvetica, sans-serif; font-size: 14px;\"><strong>Rechtsgrundlage:<\/strong><\/span><br>\r\n<span style=\"font-family: tahoma, arial, helvetica, sans-serif; font-size: 14px;\">Rechtsgrundlage f\u00fcr die Einbindung von YouTube und dem damit verbundenen Datentransfer zu Google ist Ihre Einwilligung (Art. 6 Abs. 1 lit. a DSGVO).<\/span><\/p>\r\n<p><span style=\"font-family: tahoma, arial, helvetica, sans-serif; font-size: 14px;\"><!-- \/wp:paragraph -->\r\n<!-- wp:paragraph --><\/span><\/p>\r\n<p><span style=\"font-family: tahoma, arial, helvetica, sans-serif; font-size: 14px;\"><strong>Empf\u00e4nger:<\/strong><\/span><br>\r\n<span style=\"font-family: tahoma, arial, helvetica, sans-serif; font-size: 14px;\">Der Aufruf von YouTube l\u00f6st automatisch eine Verbindung zu Google aus.<\/span><\/p>\r\n<p><strong><span style=\"font-family: tahoma, arial, helvetica, sans-serif; font-size: 14px;\">Speicherdauer und Widerruf der Einwilligung:<\/span><\/strong><br>\r\n<span style=\"font-family: tahoma, arial, helvetica, sans-serif; font-size: 14px;\">Wer das Speichern von Cookies f\u00fcr das Google-Ad-Programm deaktiviert hat, wird auch beim Anschauen von YouTube-Videos mit keinen solchen Cookies rechnen m\u00fcssen. YouTube legt aber auch in anderen Cookies nicht-personenbezogene Nutzungsinformationen ab. M\u00f6chten Sie dies verhindern, so m\u00fcssen Sie das Speichern von Cookies im Browser blockieren.<\/span><\/p>\r\n<p><span style=\"font-family: tahoma, arial, helvetica, sans-serif; font-size: 14px;\"><!-- \/wp:paragraph -->\r\n<!-- wp:paragraph --><\/span><\/p>\r\n<p><span style=\"font-family: tahoma, arial, helvetica, sans-serif; font-size: 14px;\">Weitere Informationen zum Datenschutz bei \u201eYouTube\u201c finden Sie in der Datenschutzerkl\u00e4rung des Anbieters unter: <a href=\"https:\/\/www.google.de\/intl\/de\/policies\/privacy\/\">https:\/\/www.google.de\/intl\/de\/policies\/privacy\/<\/a><\/span><\/p>\r\n<p><span style=\"font-family: tahoma, arial, helvetica, sans-serif; font-size: 14px;\"><!-- \/wp:paragraph -->\r\n<!-- wp:paragraph --><\/span><\/p>\r\n<p><span style=\"font-family: tahoma, arial, helvetica, sans-serif; font-size: 14px;\"><strong>Drittlandtransfer:<\/strong><\/span><br>\r\n<span style=\"font-family: tahoma, arial, helvetica, sans-serif; font-size: 14px;\">Google verarbeitet Ihre Daten in den USA und hat sich dem EU_US Privacy Shield unterworfen <a href=\"https:\/\/www.privacyshield.gov\/EU-US-Framework\">https:\/\/www.privacyshield.gov\/EU-US-Framework<\/a>.<\/span><\/p>\r\n<p><span style=\"font-family: tahoma, arial, helvetica, sans-serif; font-size: 14px;\"><!-- \/wp:paragraph -->\r\n<!-- wp:paragraph --><\/span><\/p>\r\n<p><span style=\"font-family: tahoma, arial, helvetica, sans-serif; font-size: 14px;\"><strong>Bereitstellung vorgeschrieben oder erforderlich:<\/strong><\/span><br>\r\n<span style=\"font-family: tahoma, arial, helvetica, sans-serif; font-size: 14px;\">Die Bereitstellung Ihrer personenbezogenen Daten erfolgt freiwillig, allein auf Basis Ihrer Einwilligung. Sofern Sie den Zugriff unterbinden, kann es hierdurch zu Funktionseinschr\u00e4nkungen auf der Website kommen.<\/span><\/p>\r\n<p><span style=\"font-family: tahoma, arial, helvetica, sans-serif; font-size: 14px;\"><!-- \/wp:paragraph -->\r\n<!-- wp:paragraph --><\/span><\/p>\r\n<p><span style=\"font-family: tahoma, arial, helvetica, sans-serif; font-size: 14px;\"><strong>\u00c4nderung unserer Datenschutzbestimmungen:<\/strong><\/span><br>\r\n<span style=\"font-family: tahoma, arial, helvetica, sans-serif; font-size: 14px;\">Wir behalten uns vor, diese Datenschutzerkl\u00e4rung anzupassen, damit sie stets den aktuellen rechtlichen Anforderungen entspricht oder um \u00c4nderungen unserer Leistungen in der Datenschutzerkl\u00e4rung umzusetzen, z.B. bei der Einf\u00fchrung neuer Services. F\u00fcr Ihren erneuten Besuch gilt dann die neue Datenschutzerkl\u00e4rung.<\/span><\/p>\r\n<p><span style=\"font-family: tahoma, arial, helvetica, sans-serif; font-size: 14px;\"><!-- \/wp:paragraph -->\r\n<!-- wp:paragraph --><\/span><\/p>\r\n<p><span style=\"font-family: tahoma, arial, helvetica, sans-serif; font-size: 14px;\"><strong>Fragen an den Datenschutzbeauftragten:<\/strong><\/span><br>\r\n<span style=\"font-family: tahoma, arial, helvetica, sans-serif; font-size: 14px;\">Wenn Sie Fragen zum Datenschutz haben, schreiben Sie uns bitte eine E-Mail oder wenden Sie sich direkt an die f\u00fcr den Datenschutz verantwortliche Person in unserer Organisation:<\/span><\/p>\r\n<p><span style=\"font-family: tahoma, arial, helvetica, sans-serif; font-size: 14px;\"><!-- \/wp:paragraph -->\r\n<!-- wp:paragraph --><\/span><\/p>\r\n<p><span style=\"font-family: tahoma, arial, helvetica, sans-serif; font-size: 14px;\">info(at)studiogelb.de<\/span><\/p>\r\n<p><span style=\"font-family: tahoma, arial, helvetica, sans-serif; font-size: 14px;\"><!-- \/wp:paragraph -->\r\n<!-- wp:paragraph --><\/span><\/p>\r\n<p><br>\r\n<span style=\"font-family: tahoma, arial, helvetica, sans-serif; font-size: 14px;\">Wir weisen darauf hin, dass die Daten\u00fcbertragung im Internet (z.B. bei der Kommunikation per E-Mail) Sicherheitsl\u00fccken aufweisen kann. Ein l\u00fcckenloser Schutz der Daten vor dem Zugriff durch Dritte ist nicht m\u00f6glich. Der Nutzung von im Rahmen der Impressumspflicht ver\u00f6ffentlichten Kontaktdaten durch Dritte zur \u00dcbersendung von nicht ausdr\u00fccklich angeforderter Werbung und Informationsmaterialien wird hiermit ausdr\u00fccklich widersprochen. Die Betreiber der Seiten behalten sich ausdr\u00fccklich rechtliche Schritte im Falle der unverlangten Zusendung von Werbeinformationen, etwa durch Spam-Mails, vor.<br>\r\n<br>\r\n<\/span><\/p>\r\n<p><span style=\"font-family: tahoma, arial, helvetica, sans-serif; font-size: 14px;\"><!-- \/wp:paragraph -->\r\n<!-- wp:paragraph {\"align\":\"center\"} --><\/span><\/p>\r\n<p style=\"text-align: center;\"><span style=\"font-family: tahoma, arial, helvetica, sans-serif; font-size: 14px;\"><strong>Haftungsausschluss<\/strong><\/span><\/p>\r\n<p><span style=\"font-family: tahoma, arial, helvetica, sans-serif; font-size: 14px;\"><!-- \/wp:paragraph -->\r\n<!-- wp:paragraph --><\/span><\/p>\r\n<p><span style=\"font-family: tahoma, arial, helvetica, sans-serif; font-size: 14px;\"><strong>Haftung f\u00fcr Inhalte:<\/strong><\/span><br>\r\n<span style=\"font-family: tahoma, arial, helvetica, sans-serif; font-size: 14px;\">Die Inhalte unserer Seiten wurden mit gr\u00f6\u00dfter Sorgfalt erstellt. F\u00fcr die Richtigkeit, Vollst\u00e4ndigkeit und Aktualit\u00e4t der Inhalte k\u00f6nnen wir jedoch keine Gew\u00e4hr \u00fcbernehmen. Als Diensteanbieter sind wir gem\u00e4\u00df \u00a7 7 Abs.1 TMG f\u00fcr eigene Inhalte auf diesen Seiten nach den allgemeinen Gesetzen verantwortlich. Nach \u00a7\u00a7 8 bis 10 TMG sind wir als Diensteanbieter jedoch nicht verpflichtet, \u00fcbermittelte oder gespeicherte fremde Informationen zu \u00fcberwachen oder nach Umst\u00e4nden zu forschen, die auf eine rechtswidrige T\u00e4tigkeit hinweisen. Verpflichtungen zur Entfernung oder Sperrung der Nutzung von Informationen nach den allgemeinen Gesetzen bleiben hiervon unber\u00fchrt. Eine diesbez\u00fcgliche Haftung ist jedoch erst ab dem Zeitpunkt der Kenntnis einer konkreten Rechtsverletzung m\u00f6glich. Bei Bekanntwerden von entsprechenden Rechtsverletzungen werden wir diese Inhalte umgehend entfernen.<\/span><\/p>\r\n<p><span style=\"font-family: tahoma, arial, helvetica, sans-serif; font-size: 14px;\"><!-- \/wp:paragraph -->\r\n<!-- wp:paragraph --><\/span><\/p>\r\n<p><span style=\"font-family: tahoma, arial, helvetica, sans-serif; font-size: 14px;\"><strong>Haftung f\u00fcr Links:<\/strong><\/span><br>\r\n<span style=\"font-family: tahoma, arial, helvetica, sans-serif; font-size: 14px;\">Unser Angebot enth\u00e4lt Links zu externen Webseiten Dritter, auf deren Inhalte wir keinen Einfluss haben. Deshalb k\u00f6nnen wir f\u00fcr diese fremden Inhalte auch keine Gew\u00e4hr \u00fcbernehmen. F\u00fcr die Inhalte der verlinkten Seiten ist stets der jeweilige Anbieter oder Betreiber der Seiten verantwortlich. Die verlinkten Seiten wurden zum Zeitpunkt der Verlinkung auf m\u00f6gliche Rechtsverst\u00f6\u00dfe \u00fcberpr\u00fcft. Rechtswidrige Inhalte waren zum Zeitpunkt der Verlinkung nicht erkennbar. Eine permanente inhaltliche Kontrolle der verlinkten Seiten ist jedoch ohne konkrete Anhaltspunkte einer Rechtsverletzung nicht zumutbar. Bei Bekanntwerden von Rechtsverletzungen werden wir derartige Links umgehend entfernen.<\/span><\/p>\r\n<p><span style=\"font-family: tahoma, arial, helvetica, sans-serif; font-size: 14px;\"><!-- \/wp:paragraph -->\r\n<!-- wp:paragraph --><\/span><\/p>\r\n<p><span style=\"font-family: tahoma, arial, helvetica, sans-serif; font-size: 14px;\"><strong>Urheberrecht:<\/strong><\/span><br>\r\n<span style=\"font-family: tahoma, arial, helvetica, sans-serif; font-size: 14px;\">Die durch die Seitenbetreiber erstellten Inhalte und Werke auf diesen Seiten unterliegen dem deutschen Urheberrecht. Die Vervielf\u00e4ltigung, Bearbeitung, Verbreitung und jede Art der Verwertung au\u00dferhalb der Grenzen des Urheberrechtes bed\u00fcrfen der schriftlichen Zustimmung des jeweiligen Autors bzw. Erstellers. Downloads und Kopien dieser Seite sind nur f\u00fcr den privaten, nicht kommerziellen Gebrauch gestattet. Soweit die Inhalte auf dieser Seite nicht vom Betreiber erstellt wurden, werden die Urheberrechte Dritter beachtet. Insbesondere werden Inhalte Dritter als solche gekennzeichnet. Sollten Sie trotzdem auf eine Urheberrechtsverletzung aufmerksam werden, bitten wir um einen entsprechenden Hinweis. Bei Bekanntwerden von Rechtsverletzungen werden wir derartige Inhalte umgehend entfernen.<\/span><\/p>\r\n<p><span style=\"font-family: tahoma, arial, helvetica, sans-serif; font-size: 14px;\"><!-- \/wp:paragraph -->\r\n<!-- wp:paragraph --><\/span><\/p>\r\n<p><span style=\"font-family: tahoma, arial, helvetica, sans-serif; font-size: 14px;\">Quelle: Impressumgenerator von www.e-recht24.de.<\/span><\/p>\r\n<p><span style=\"font-family: tahoma, arial, helvetica, sans-serif; font-size: 14px;\"><!-- \/wp:paragraph -->\r\n<!-- wp:paragraph {\"customFontSize\":0} --><\/span><\/p>\r\n<p><span style=\"font-family: tahoma, arial, helvetica, sans-serif; font-size: 14px;\"><strong>Bild und Tonnachweis:<\/strong><\/span><br>\r\n<span style=\"font-family: tahoma, arial, helvetica, sans-serif; font-size: 14px;\">Foto und Tonaufnahmen: Marc Meusinger f\u00fcr studiogelb<\/span><br>\r\n<span style=\"font-family: tahoma, arial, helvetica, sans-serif; font-size: 14px;\">Foto Header (Dokus): Lutz Neumann f\u00fcr Monsta Movies Filmproduktion<\/span><\/p>","protected":false},"excerpt":{"rendered":"<p>Angaben gem\u00e4\u00df \u00a7 5 TMG: Marc Meusinger Filmtonmeister Z\u00f6llnerstr. 6 99423 Weimar Germany Kontakt: Telefon: +49 3643 2120172 e-mail:&nbsp; info(at)studiogelb.de url:&nbsp;&nbsp;&nbsp;&nbsp;&nbsp;&nbsp; www.studiogelb.de Umsatzsteuer-ID: Umsatzsteuer-Identifikationsnummer gem\u00e4\u00df \u00a727 a Umsatzsteuergesetz: DE199940441 &nbsp; Datenschutzerkl\u00e4rung Die Nutzung unserer Webseite ist in der Regel ohne &hellip; <a href=\"http:\/\/www.studiogelb.de\/mm\/MMBlogg\/?page_id=254\">Weiterlesen <span class=\"meta-nav\">&rarr;<\/span><\/a><\/p>\n","protected":false},"author":1,"featured_media":260,"parent":0,"menu_order":4,"comment_status":"closed","ping_status":"closed","template":"","meta":{"ngg_post_thumbnail":0,"footnotes":""},"class_list":["post-254","page","type-page","status-publish","has-post-thumbnail","hentry"],"jetpack_sharing_enabled":true,"_links":{"self":[{"href":"http:\/\/www.studiogelb.de\/mm\/MMBlogg\/index.php?rest_route=\/wp\/v2\/pages\/254","targetHints":{"allow":["GET"]}}],"collection":[{"href":"http:\/\/www.studiogelb.de\/mm\/MMBlogg\/index.php?rest_route=\/wp\/v2\/pages"}],"about":[{"href":"http:\/\/www.studiogelb.de\/mm\/MMBlogg\/index.php?rest_route=\/wp\/v2\/types\/page"}],"author":[{"embeddable":true,"href":"http:\/\/www.studiogelb.de\/mm\/MMBlogg\/index.php?rest_route=\/wp\/v2\/users\/1"}],"replies":[{"embeddable":true,"href":"http:\/\/www.studiogelb.de\/mm\/MMBlogg\/index.php?rest_route=%2Fwp%2Fv2%2Fcomments&post=254"}],"version-history":[{"count":24,"href":"http:\/\/www.studiogelb.de\/mm\/MMBlogg\/index.php?rest_route=\/wp\/v2\/pages\/254\/revisions"}],"predecessor-version":[{"id":2923,"href":"http:\/\/www.studiogelb.de\/mm\/MMBlogg\/index.php?rest_route=\/wp\/v2\/pages\/254\/revisions\/2923"}],"wp:featuredmedia":[{"embeddable":true,"href":"http:\/\/www.studiogelb.de\/mm\/MMBlogg\/index.php?rest_route=\/wp\/v2\/media\/260"}],"wp:attachment":[{"href":"http:\/\/www.studiogelb.de\/mm\/MMBlogg\/index.php?rest_route=%2Fwp%2Fv2%2Fmedia&parent=254"}],"curies":[{"name":"wp","href":"https:\/\/api.w.org\/{rel}","templated":true}]}}